{"id":122,"date":"2011-03-06T21:16:53","date_gmt":"2011-03-06T19:16:53","guid":{"rendered":"http:\/\/dentallifeblog.wordpress.com\/?page_id=122"},"modified":"2014-09-16T22:29:57","modified_gmt":"2014-09-16T20:29:57","slug":"les-diaporamas","status":"publish","type":"page","link":"http:\/\/www.dentallife.fr\/blog\/?page_id=122","title":{"rendered":"Les diaporamas"},"content":{"rendered":"<p>Pour visualiser les diaporamas, vous devez \u00eatre connect\u00e9 sur Ivoire, le site 3D de Dental Life.<\/p>\n<p>Si vous poss\u00e9dez un compte sur le site Internet de Dental Life, que vous avez cr\u00e9\u00e9 votre avatar, et que vous avez un viewer r\u00e9cent sur votre Ordinateur ( SecondLife, Phoenix, FireStorm etc\u2026) alors cliquez simplement sur le lien pour vous t\u00e9l\u00e9porter.<\/p>\n<p>Si ce n&rsquo;est pas le cas, inscrivez-vous sur le site Internet \u00e0 <a href=\"http:\/\/www.dentallife.fr\" target=\"_blank\">cette adresse<\/a>, cr\u00e9ez votre avatar, puis ouvrez le logiciel \u00ab\u00a0Second Life\u00a0\u00bb. Entrez votre pr\u00e9nom et nom d&rsquo;avatar, puis votre mot de passe. Bonne visite.<\/p>\n<p>Les diaporamas sont tous r\u00e9alis\u00e9s par des professionnels. Le contenu \u00a0n&rsquo;engage que leurs auteurs qui sont bien identifi\u00e9s. Dental Life n&rsquo;est pas responsable de la teneur des propos, mais a un droit de regard, et pourra d\u00e9cider de rendre les diaporamas inaccessibles.<\/p>\n<p>Les informations contenues dans les diaporamas visent \u00e0 soutenir et non \u00e0 remplacer la relation entre le patient et son praticien.<\/p>\n<p>&nbsp;<\/p>\n<div class='et-learn-more et-open clearfix'>\n\t\t\t\t\t<h3 class='heading-more open'>Les m\u00e9dicaments en chirurgie orale : proscrire ou pr\u00e9scrire<span class='et_learnmore_arrow'><span><\/span><\/span><\/h3>\n\t\t\t\t\t<div class='learn-more-content'><p>Juin 2012<\/p>\n<p><strong>Les m\u00e9dicaments en chirurgie orale : proscrire ou pr\u00e9scrire<\/strong><\/p>\n<p>Diaporama r\u00e9alis\u00e9 par le Dr Vianney DESCROIX lors de sa conf\u00e9rence en direct en Juin 2012 pour le CAICB<\/p>\n<p><a href=\"http:\/\/www.dentallife.fr\/blog\/wp-content\/uploads\/2011\/03\/prescrireproscrire_001.png\" rel=\"attachment wp-att-3094\"><img loading=\"lazy\" decoding=\"async\" class=\"aligncenter wp-image-3094 size-medium\" title=\"prescrireproscrire_001\" src=\"http:\/\/www.dentallife.fr\/blog\/wp-content\/uploads\/2011\/03\/prescrireproscrire_001-300x176.png\" alt=\"\" width=\"300\" height=\"176\" srcset=\"http:\/\/www.dentallife.fr\/blog\/wp-content\/uploads\/2011\/03\/prescrireproscrire_001-300x176.png 300w, http:\/\/www.dentallife.fr\/blog\/wp-content\/uploads\/2011\/03\/prescrireproscrire_001-1024x601.png 1024w, http:\/\/www.dentallife.fr\/blog\/wp-content\/uploads\/2011\/03\/prescrireproscrire_001.png 1116w\" sizes=\"auto, (max-width: 300px) 100vw, 300px\" \/><\/a><\/p>\n<p>&nbsp;<\/p>\n<a href='http:\/\/snipr.com\/27n9gxk' class='small-button smallsilver' target=\"_blank\">Se t\u00e9l\u00e9porter vers le diaporama<\/a><\/div>\n\t\t\t\t<\/div>\n<div class='et-learn-more clearfix'>\n\t\t\t\t\t<h3 class='heading-more'>Molar distalisation with mini screw<span class='et_learnmore_arrow'><span><\/span><\/span><\/h3>\n\t\t\t\t\t<div class='learn-more-content'><p>D\u00e9cembre 2011<\/p>\n<p><strong>Molar Distalization \u00a0(Vertical mini-screw free from root movement of the molar)<\/strong><\/p>\n<p>Diaporama r\u00e9alis\u00e9 par le Dr Ju-Young Lee lors de sa conf\u00e9rence en direct en D\u00e9cembre 2011 pour la SFODF<\/p>\n<p>&nbsp;<\/p>\n<p><a href=\"http:\/\/www.dentallife.fr\/blog\/wp-content\/uploads\/2011\/03\/Ju-Young-Lee.png\" rel=\"attachment wp-att-2311\"><img loading=\"lazy\" decoding=\"async\" class=\"aligncenter wp-image-2311 size-medium\" title=\"Ju Young Lee\" src=\"http:\/\/www.dentallife.fr\/blog\/wp-content\/uploads\/2011\/03\/Ju-Young-Lee-300x257.png\" alt=\"\" width=\"300\" height=\"257\" srcset=\"http:\/\/www.dentallife.fr\/blog\/wp-content\/uploads\/2011\/03\/Ju-Young-Lee-300x257.png 300w, http:\/\/www.dentallife.fr\/blog\/wp-content\/uploads\/2011\/03\/Ju-Young-Lee.png 751w\" sizes=\"auto, (max-width: 300px) 100vw, 300px\" \/><\/a><\/p>\n<a href='http:\/\/snipr.com\/27n9h0p' class='small-button smallsilver' target=\"_blank\">Se t\u00e9l\u00e9porter vers le diaporama<\/a><\/div>\n\t\t\t\t<\/div>\n<div class='et-learn-more clearfix'>\n\t\t\t\t\t<h3 class='heading-more'>Les urgences m\u00e9dicales<span class='et_learnmore_arrow'><span><\/span><\/span><\/h3>\n\t\t\t\t\t<div class='learn-more-content'><p>Samedi 23 Avril 2011<\/p>\n<p><strong>Les urgences m\u00e9dicales au cabinet dentaire<\/strong><\/p>\n<p>Une s\u00e9rie de 6 diaporamas traitant chacun d&rsquo;un sujet en rapport avec les urgences m\u00e9dicales au cabinet dentaire. Les sujets trait\u00e9s sont :<\/p>\n<p>&#8211; l&rsquo;Angio-\u0153d\u00e8me<\/p>\n<p>-la crise de spasmophilie<\/p>\n<p>-le malaise vagal<\/p>\n<p>-le mat\u00e9riel d&rsquo;urgence au cabinet dentaire<\/p>\n<p>&#8211; Transmettre un bilan au SAMU<\/p>\n<p>-le malaise hypoglyc\u00e9mique<\/p>\n<p>Ces diaporamas sont partie int\u00e9grante du serious game sur les urgences m\u00e9dicales au cabinet dentaire.<\/p>\n<p><a href=\"http:\/\/www.dentallife.fr\/blog\/wp-content\/uploads\/2011\/03\/snapshot_0082-1024x585.png\" rel=\"attachment wp-att-2083\"><img loading=\"lazy\" decoding=\"async\" class=\"aligncenter wp-image-2083 size-medium\" title=\"espace-serious-game\" src=\"http:\/\/www.dentallife.fr\/blog\/wp-content\/uploads\/2011\/03\/snapshot_0082-1024x585-300x171.png\" alt=\"\" width=\"300\" height=\"171\" srcset=\"http:\/\/www.dentallife.fr\/blog\/wp-content\/uploads\/2011\/03\/snapshot_0082-1024x585-300x171.png 300w, http:\/\/www.dentallife.fr\/blog\/wp-content\/uploads\/2011\/03\/snapshot_0082-1024x585.png 1024w\" sizes=\"auto, (max-width: 300px) 100vw, 300px\" \/><\/a><\/p>\n<p>&nbsp;<\/p>\n<p style=\"text-align: center; padding-left: 180px;\"><a href='http:\/\/snipr.com\/27n9h49' class='small-button smallsilver' target=\"_blank\">Se t\u00e9l\u00e9porter vers le diaporama<\/a><\/p>\n<p>&nbsp;<\/p><\/div>\n\t\t\t\t<\/div>\n<div class='et-learn-more clearfix'>\n\t\t\t\t\t<h3 class='heading-more'>Le traitement de l&#039;\u00e9dent\u00e9 complet en implantologie<span class='et_learnmore_arrow'><span><\/span><\/span><\/h3>\n\t\t\t\t\t<div class='learn-more-content'><p>Samedi 2 Avril 2011<\/p>\n<p><strong>Le traitement de l&rsquo;\u00e9dent\u00e9 complet en implantologie<\/strong><\/p>\n<p>Une s\u00e9rie de 2 diaporamas r\u00e9alis\u00e9s par le Dr Michel Metz<\/p>\n<p><a href=\"http:\/\/www.dentallife.fr\/blog\/wp-content\/uploads\/2011\/03\/snapshot_037-300x230.png\" rel=\"attachment wp-att-2084\"><img loading=\"lazy\" decoding=\"async\" class=\"aligncenter wp-image-2084 size-full\" title=\"michel-metz\" src=\"http:\/\/www.dentallife.fr\/blog\/wp-content\/uploads\/2011\/03\/snapshot_037-300x230.png\" alt=\"\" width=\"300\" height=\"230\" \/><\/a><\/p>\n<p>&nbsp;<\/p>\n<p style=\"padding-left: 210px;\"><a href='http:\/\/snipr.com\/27n9h7b' class='small-button smallsilver' target=\"_blank\">Se t\u00e9l\u00e9porter vers le diaporama<\/a><\/p><\/div>\n\t\t\t\t<\/div>\n<div class='et-learn-more clearfix'>\n\t\t\t\t\t<h3 class='heading-more'>Les facettes en c\u00e9ramique<span class='et_learnmore_arrow'><span><\/span><\/span><\/h3>\n\t\t\t\t\t<div class='learn-more-content'><p>Le 25 Mars 2011<\/p>\n<p><strong>Les Facettes en c\u00e9ramique<\/strong><\/p>\n<p>&nbsp;<\/p>\n<p>Le Dr Charles TOLEDANO, de la facult\u00e9\u00a0 de Chirurgie dentaire de Strasbourg, y d\u00e9taille\u00a0 le protocole de pr\u00e9paration des facettes c\u00e9ramiques pour un r\u00e9sultat optimal. Vous y d\u00e9couvrirez beaucoup d&rsquo;astuces, qui vous permettront de mettre en oeuvre cette technique de fa\u00e7on bien cadr\u00e9e.<\/p>\n<p><a href=\"http:\/\/www.dentallife.fr\/blog\/wp-content\/uploads\/2011\/03\/snapshot_009-300x2061.png\" rel=\"attachment wp-att-2085\"><img loading=\"lazy\" decoding=\"async\" class=\"aligncenter wp-image-2085 size-full\" title=\"facettes-ceramiques\" src=\"http:\/\/www.dentallife.fr\/blog\/wp-content\/uploads\/2011\/03\/snapshot_009-300x2061.png\" alt=\"\" width=\"300\" height=\"206\" \/><\/a><\/p>\n<p style=\"padding-left: 210px;\"><a href='http:\/\/snipr.com\/27n9h9x' class='small-button smallsilver' target=\"_blank\">Se t\u00e9l\u00e9porter vers le diaporama<\/a><\/p><\/div>\n\t\t\t\t<\/div>\n<div class='et-learn-more clearfix'>\n\t\t\t\t\t<h3 class='heading-more'>Identification et Odontologie l\u00e9gale<span class='et_learnmore_arrow'><span><\/span><\/span><\/h3>\n\t\t\t\t\t<div class='learn-more-content'><p>Le 13 Mars 2011<\/p>\n<p>Un diaporama r\u00e9alis\u00e9 par le Dr Christophe BOU, en collaboration avec les Drs Alain ZERILLI et Bruno FOTI des UFR de Bordeaux II \/ Brest \/ Marseille, dans le cadre de l&rsquo;odontologie l\u00e9gale.<\/p>\n<p>Aujourd&rsquo;hui : \u00ab\u00a0<strong>Identification et Odontologie L\u00e9gale<\/strong>\u00a0\u00bb<\/p>\n<p><a href=\"http:\/\/www.dentallife.fr\/blog\/wp-content\/uploads\/2011\/03\/identification-et-odonto-legale-0011.jpg\" rel=\"attachment wp-att-2087\"><img loading=\"lazy\" decoding=\"async\" class=\"aligncenter wp-image-2087 size-medium\" title=\"identification-et-odonto-legale\" src=\"http:\/\/www.dentallife.fr\/blog\/wp-content\/uploads\/2011\/03\/identification-et-odonto-legale-0011-300x225.jpg\" alt=\"\" width=\"300\" height=\"225\" srcset=\"http:\/\/www.dentallife.fr\/blog\/wp-content\/uploads\/2011\/03\/identification-et-odonto-legale-0011-300x225.jpg 300w, http:\/\/www.dentallife.fr\/blog\/wp-content\/uploads\/2011\/03\/identification-et-odonto-legale-0011.jpg 720w\" sizes=\"auto, (max-width: 300px) 100vw, 300px\" \/><\/a><\/p>\n<p>&nbsp;<\/p>\n<p>&nbsp;<\/p>\n<p style=\"padding-left: 210px;\"><a href='http:\/\/snipr.com\/27n9hd9' class='small-button smallsilver' target=\"_blank\">Se t\u00e9l\u00e9porter vers le diaporama<\/a><\/p><\/div>\n\t\t\t\t<\/div>\n<div class='et-learn-more clearfix'>\n\t\t\t\t\t<h3 class='heading-more'>Prise en charge des fentes labio-palatines<span class='et_learnmore_arrow'><span><\/span><\/span><\/h3>\n\t\t\t\t\t<div class='learn-more-content'><p>Le 6 Mars 2011<\/p>\n<p>Voici un diaporama r\u00e9alis\u00e9 par le Dr Bruno GROLLEMUND\u00a0 sur \u00ab\u00a0<strong>La prise en charge des fentes labio-palatines<\/strong>\u00ab\u00a0.<\/p>\n<p><a href=\"http:\/\/www.dentallife.fr\/blog\/wp-content\/uploads\/2011\/03\/fentes-palatines-0011.jpg\" rel=\"attachment wp-att-2088\"><img loading=\"lazy\" decoding=\"async\" class=\"aligncenter wp-image-2088 size-medium\" title=\"fentes-palatines-001\" src=\"http:\/\/www.dentallife.fr\/blog\/wp-content\/uploads\/2011\/03\/fentes-palatines-0011-300x225.jpg\" alt=\"\" width=\"300\" height=\"225\" srcset=\"http:\/\/www.dentallife.fr\/blog\/wp-content\/uploads\/2011\/03\/fentes-palatines-0011-300x225.jpg 300w, http:\/\/www.dentallife.fr\/blog\/wp-content\/uploads\/2011\/03\/fentes-palatines-0011.jpg 720w\" sizes=\"auto, (max-width: 300px) 100vw, 300px\" \/><\/a><\/p>\n<p>&nbsp;<\/p>\n<p style=\"padding-left: 210px;\"><a href='http:\/\/snipr.com\/27n9hd9' class='small-button smallsilver' target=\"_blank\">Se t\u00e9l\u00e9porter vers le diaporama<\/a><\/p><\/div>\n\t\t\t\t<\/div>\n<div class='et-learn-more clearfix'>\n\t\t\t\t\t<h3 class='heading-more'>Enseignement p\u00e9dodontie : 8 cours<span class='et_learnmore_arrow'><span><\/span><\/span><\/h3>\n\t\t\t\t\t<div class='learn-more-content'><p><strong>Les cours du Dr Fran\u00e7ois Clauss de la Facult\u00e9 de chirurgie dentaire de Strasbourg, dans le cadre de l&rsquo;enseignement de la p\u00e9dodontie des D1, D2 et D3.<\/strong><\/p>\n<p><a href=\"http:\/\/www.dentallife.fr\/blog\/wp-content\/uploads\/2011\/03\/snapshot_038.png\" rel=\"attachment wp-att-2089\"><img loading=\"lazy\" decoding=\"async\" class=\"aligncenter wp-image-2089 size-medium\" title=\"snapshot_038\" src=\"http:\/\/www.dentallife.fr\/blog\/wp-content\/uploads\/2011\/03\/snapshot_038-300x230.png\" alt=\"\" width=\"300\" height=\"230\" srcset=\"http:\/\/www.dentallife.fr\/blog\/wp-content\/uploads\/2011\/03\/snapshot_038-300x230.png 300w, http:\/\/www.dentallife.fr\/blog\/wp-content\/uploads\/2011\/03\/snapshot_038-1024x788.png 1024w, http:\/\/www.dentallife.fr\/blog\/wp-content\/uploads\/2011\/03\/snapshot_038.png 1256w\" sizes=\"auto, (max-width: 300px) 100vw, 300px\" \/><\/a><\/p>\n<p>&nbsp;<\/p>\n<p style=\"padding-left: 210px;\"><a href='http:\/\/snipr.com\/27n9hd9' class='small-button smallsilver' target=\"_blank\">Se t\u00e9l\u00e9porter vers le diaporama<\/a><\/p>\n<p>&nbsp;<\/p><\/div>\n\t\t\t\t<\/div>\n<div class='et-learn-more clearfix'>\n\t\t\t\t\t<h3 class='heading-more'>Les urgences m\u00e9dicales au cabinet dentaire<span class='et_learnmore_arrow'><span><\/span><\/span><\/h3>\n\t\t\t\t\t<div class='learn-more-content'><p><strong>Les urgences m\u00e9dicales au cabinet dentaire<\/strong><\/p>\n<p>Diaporama r\u00e9alis\u00e9 par le Dr Bartholomeus Calon<\/p>\n<p><a href=\"http:\/\/www.dentallife.fr\/blog\/wp-content\/uploads\/2011\/03\/snapshot_033.png\" rel=\"attachment wp-att-2090\"><img loading=\"lazy\" decoding=\"async\" class=\"aligncenter wp-image-2090 size-medium\" title=\"urgences-medicales-calon\" src=\"http:\/\/www.dentallife.fr\/blog\/wp-content\/uploads\/2011\/03\/snapshot_033-300x230.png\" alt=\"\" width=\"300\" height=\"230\" srcset=\"http:\/\/www.dentallife.fr\/blog\/wp-content\/uploads\/2011\/03\/snapshot_033-300x230.png 300w, http:\/\/www.dentallife.fr\/blog\/wp-content\/uploads\/2011\/03\/snapshot_033-1024x788.png 1024w, http:\/\/www.dentallife.fr\/blog\/wp-content\/uploads\/2011\/03\/snapshot_033.png 1256w\" sizes=\"auto, (max-width: 300px) 100vw, 300px\" \/><\/a><\/p>\n<p>&nbsp;<\/p>\n<p>&nbsp;<\/p>\n<p style=\"padding-left: 210px;\"><a href='http:\/\/snipr.com\/27n9hif' class='small-button smallsilver' target=\"_blank\">Se t\u00e9l\u00e9porter vers le diaporama<\/a><\/p><\/div>\n\t\t\t\t<\/div>\n<div class='et-learn-more clearfix'>\n\t\t\t\t\t<h3 class='heading-more'>La zircone, la corrosion, le choix des alliages et la CFAO<span class='et_learnmore_arrow'><span><\/span><\/span><\/h3>\n\t\t\t\t\t<div class='learn-more-content'><p><strong>La zircone, la corrosion, le choix des alliages et la CFAO<\/strong><\/p>\n<p>4 cours r\u00e9alis\u00e9s par le Dr Selim SIRMAN et enseign\u00e9s dans le cadre du DU d&rsquo;implantologie de la Facult\u00e9 de chirurgie dentaire de Strasbourg.<\/p>\n<p><a href=\"http:\/\/www.dentallife.fr\/blog\/wp-content\/uploads\/2011\/03\/snapshot_025.png\" rel=\"attachment wp-att-2093\"><img loading=\"lazy\" decoding=\"async\" class=\"aligncenter wp-image-2093 size-medium\" title=\"du-implanto-sirman\" src=\"http:\/\/www.dentallife.fr\/blog\/wp-content\/uploads\/2011\/03\/snapshot_025-300x227.png\" alt=\"\" width=\"300\" height=\"227\" srcset=\"http:\/\/www.dentallife.fr\/blog\/wp-content\/uploads\/2011\/03\/snapshot_025-300x227.png 300w, http:\/\/www.dentallife.fr\/blog\/wp-content\/uploads\/2011\/03\/snapshot_025-1024x776.png 1024w, http:\/\/www.dentallife.fr\/blog\/wp-content\/uploads\/2011\/03\/snapshot_025.png 1144w\" sizes=\"auto, (max-width: 300px) 100vw, 300px\" \/><\/a><\/p>\n<p>&nbsp;<\/p>\n<p style=\"padding-left: 210px;\"><a href='http:\/\/snipr.com\/27n9hll' class='small-button smallsilver' target=\"_blank\">Se t\u00e9l\u00e9porter vers le diaporama<\/a><\/p><\/div>\n\t\t\t\t<\/div>\n<div class='et-learn-more clearfix'>\n\t\t\t\t\t<h3 class='heading-more'>Les facteurs de risque en implantologie<span class='et_learnmore_arrow'><span><\/span><\/span><\/h3>\n\t\t\t\t\t<div class='learn-more-content'><p><strong>Les facteurs de risque en implantologie<\/strong><\/p>\n<p>Cours enseign\u00e9 pour le D.U. d&rsquo;implantologie\u00a0 par le Dr Pierre Henri Bailliard.<\/p>\n<p><a href=\"http:\/\/www.dentallife.fr\/blog\/wp-content\/uploads\/2011\/03\/snapshot_026.png\" rel=\"attachment wp-att-2094\"><img loading=\"lazy\" decoding=\"async\" class=\"aligncenter wp-image-2094 size-medium\" title=\"facteur-de-risque-bailliard\" src=\"http:\/\/www.dentallife.fr\/blog\/wp-content\/uploads\/2011\/03\/snapshot_026-300x241.png\" alt=\"\" width=\"300\" height=\"241\" srcset=\"http:\/\/www.dentallife.fr\/blog\/wp-content\/uploads\/2011\/03\/snapshot_026-300x241.png 300w, http:\/\/www.dentallife.fr\/blog\/wp-content\/uploads\/2011\/03\/snapshot_026-1024x824.png 1024w, http:\/\/www.dentallife.fr\/blog\/wp-content\/uploads\/2011\/03\/snapshot_026.png 1296w\" sizes=\"auto, (max-width: 300px) 100vw, 300px\" \/><\/a><\/p>\n<p>&nbsp;<\/p>\n<p>&nbsp;<\/p>\n<p style=\"padding-left: 210px;\"><a href='http:\/\/snipr.com\/27n9hll' class='small-button smallsilver' target=\"_blank\">Se t\u00e9l\u00e9porter vers le diaporama<\/a><\/p><\/div>\n\t\t\t\t<\/div>\n<div class='et-learn-more clearfix'>\n\t\t\t\t\t<h3 class='heading-more'>Bridge complet sur implants au maxillaire et mise en charge imm\u00e9diate.<span class='et_learnmore_arrow'><span><\/span><\/span><\/h3>\n\t\t\t\t\t<div class='learn-more-content'><p><strong>Bridge complet sur implants au maxillaire et mise en charge imm\u00e9diate.<\/strong><\/p>\n<p>Diaporama r\u00e9alis\u00e9 par le Dr Jean-Nicolas Hasson<\/p>\n<p><a href=\"http:\/\/www.dentallife.fr\/blog\/wp-content\/uploads\/2011\/03\/snapshot_034.png\" rel=\"attachment wp-att-2095\"><img loading=\"lazy\" decoding=\"async\" class=\"aligncenter wp-image-2095 size-medium\" title=\"bridge-nicolas-hasson\" src=\"http:\/\/www.dentallife.fr\/blog\/wp-content\/uploads\/2011\/03\/snapshot_034-300x230.png\" alt=\"\" width=\"300\" height=\"230\" srcset=\"http:\/\/www.dentallife.fr\/blog\/wp-content\/uploads\/2011\/03\/snapshot_034-300x230.png 300w, http:\/\/www.dentallife.fr\/blog\/wp-content\/uploads\/2011\/03\/snapshot_034-1024x788.png 1024w, http:\/\/www.dentallife.fr\/blog\/wp-content\/uploads\/2011\/03\/snapshot_034.png 1256w\" sizes=\"auto, (max-width: 300px) 100vw, 300px\" \/><\/a><\/p>\n<p>&nbsp;<\/p>\n<p style=\"padding-left: 210px;\"><a href='http:\/\/snipr.com\/27n9hoz' class='small-button smallsilver' target=\"_blank\">Se t\u00e9l\u00e9porter vers le diaporama<\/a><\/p><\/div>\n\t\t\t\t<\/div>\n<div class='et-learn-more clearfix'>\n\t\t\t\t\t<h3 class='heading-more'>L&#039;omnipraticien et l&#039;\u00e9dentement unitaire<span class='et_learnmore_arrow'><span><\/span><\/span><\/h3>\n\t\t\t\t\t<div class='learn-more-content'><p><strong>L&rsquo;omnipraticien et l&rsquo;\u00e9dentement unitaire. Option implantaire : mode d&#8217;emploi<\/strong><\/p>\n<p>Diaporama r\u00e9alis\u00e9 par le Dr Michel METZ dans le cadre de la conf\u00e9rence su SMMBCB \u00e0 Marrakech.<\/p>\n<p><a href=\"http:\/\/www.dentallife.fr\/blog\/wp-content\/uploads\/2011\/03\/snapshot_035.png\" rel=\"attachment wp-att-2096\"><img loading=\"lazy\" decoding=\"async\" class=\"aligncenter wp-image-2096 size-medium\" title=\"snapshot_035\" src=\"http:\/\/www.dentallife.fr\/blog\/wp-content\/uploads\/2011\/03\/snapshot_035-300x230.png\" alt=\"\" width=\"300\" height=\"230\" srcset=\"http:\/\/www.dentallife.fr\/blog\/wp-content\/uploads\/2011\/03\/snapshot_035-300x230.png 300w, http:\/\/www.dentallife.fr\/blog\/wp-content\/uploads\/2011\/03\/snapshot_035-1024x788.png 1024w, http:\/\/www.dentallife.fr\/blog\/wp-content\/uploads\/2011\/03\/snapshot_035.png 1256w\" sizes=\"auto, (max-width: 300px) 100vw, 300px\" \/><\/a><\/p>\n<p>Vous trouverez ces diaporamas sur IVOIRE, \u00e0 <a href=\"http:\/\/maps.secondlife.com\/secondlife\/IVOIRE\/94\/34\/28\">cette adresse.<\/a><\/p>\n<p style=\"padding-left: 210px;\"><a href='http:\/\/snipr.com\/27n9hsb' class='small-button smallsilver' target=\"_blank\">Se t\u00e9l\u00e9porter vers le diaporama<\/a><\/p><\/div>\n\t\t\t\t<\/div>\n<div class='et-learn-more clearfix'>\n\t\t\t\t\t<h3 class='heading-more'>L&#039;implantologie \u00e0 l&#039;\u00e9preuve du temps<span class='et_learnmore_arrow'><span><\/span><\/span><\/h3>\n\t\t\t\t\t<div class='learn-more-content'><p><strong>L&rsquo;implantologie \u00e0 l&rsquo;\u00e9preuve du temps. Regard sur 20 ans de pratique implantaire.<\/strong><\/p>\n<p><a href=\"http:\/\/www.dentallife.fr\/blog\/wp-content\/uploads\/2011\/03\/snapshot_036.png\" rel=\"attachment wp-att-2097\"><img loading=\"lazy\" decoding=\"async\" class=\"aligncenter wp-image-2097 size-medium\" title=\"michel-metz-20-ans-de-pratique\" src=\"http:\/\/www.dentallife.fr\/blog\/wp-content\/uploads\/2011\/03\/snapshot_036-300x230.png\" alt=\"\" width=\"300\" height=\"230\" srcset=\"http:\/\/www.dentallife.fr\/blog\/wp-content\/uploads\/2011\/03\/snapshot_036-300x230.png 300w, http:\/\/www.dentallife.fr\/blog\/wp-content\/uploads\/2011\/03\/snapshot_036-1024x788.png 1024w, http:\/\/www.dentallife.fr\/blog\/wp-content\/uploads\/2011\/03\/snapshot_036.png 1256w\" sizes=\"auto, (max-width: 300px) 100vw, 300px\" \/><\/a><\/p>\n<p>&nbsp;<\/p>\n<p style=\"padding-left: 210px;\"><a href='http:\/\/snipr.com\/27n9hsb' class='small-button smallsilver' target=\"_blank\">Se t\u00e9l\u00e9porter vers le diaporama<\/a><\/p><\/div>\n\t\t\t\t<\/div>\n<div class='et-learn-more clearfix'>\n\t\t\t\t\t<h3 class='heading-more'>OsiriX : reconstruction 3D des images DICOM.<span class='et_learnmore_arrow'><span><\/span><\/span><\/h3>\n\t\t\t\t\t<div class='learn-more-content'><p><strong>Osirix, logiciel gratuit de visualisation et de reconstruction 3D des images DICOM.<\/strong><\/p>\n<p>Diaporama r\u00e9alis\u00e9 par le Dr Guillaume Reys<\/p>\n<p><a href=\"http:\/\/www.dentallife.fr\/blog\/wp-content\/uploads\/2011\/03\/snapshot_027.png\" rel=\"attachment wp-att-2098\"><img loading=\"lazy\" decoding=\"async\" class=\"aligncenter wp-image-2098 size-medium\" title=\"osirix\" src=\"http:\/\/www.dentallife.fr\/blog\/wp-content\/uploads\/2011\/03\/snapshot_027-300x241.png\" alt=\"\" width=\"300\" height=\"241\" srcset=\"http:\/\/www.dentallife.fr\/blog\/wp-content\/uploads\/2011\/03\/snapshot_027-300x241.png 300w, http:\/\/www.dentallife.fr\/blog\/wp-content\/uploads\/2011\/03\/snapshot_027-1024x824.png 1024w, http:\/\/www.dentallife.fr\/blog\/wp-content\/uploads\/2011\/03\/snapshot_027.png 1296w\" sizes=\"auto, (max-width: 300px) 100vw, 300px\" \/><\/a><\/p>\n<p>&nbsp;<\/p>\n<p style=\"padding-left: 210px;\"><a href='http:\/\/snipr.com\/27n9hw9' class='small-button smallsilver' target=\"_blank\">Se t\u00e9l\u00e9porter vers le diaporama<\/a><\/p><\/div>\n\t\t\t\t<\/div>\n<div class='et-learn-more clearfix'>\n\t\t\t\t\t<h3 class='heading-more'>Les inlays-onlays<span class='et_learnmore_arrow'><span><\/span><\/span><\/h3>\n\t\t\t\t\t<div class='learn-more-content'><p><strong>Les inlays-onlays<\/strong><\/p>\n<p>Diaporama r\u00e9alis\u00e9 par le Dr Roger Joerger dans le cadre de l&rsquo;enseignement initial au D1<\/p>\n<p><a href=\"http:\/\/www.dentallife.fr\/blog\/wp-content\/uploads\/2011\/03\/snapshot_028.png\" rel=\"attachment wp-att-2099\"><img loading=\"lazy\" decoding=\"async\" class=\"aligncenter wp-image-2099 size-medium\" title=\"inlay-onlay\" src=\"http:\/\/www.dentallife.fr\/blog\/wp-content\/uploads\/2011\/03\/snapshot_028-300x241.png\" alt=\"\" width=\"300\" height=\"241\" srcset=\"http:\/\/www.dentallife.fr\/blog\/wp-content\/uploads\/2011\/03\/snapshot_028-300x241.png 300w, http:\/\/www.dentallife.fr\/blog\/wp-content\/uploads\/2011\/03\/snapshot_028-1024x824.png 1024w, http:\/\/www.dentallife.fr\/blog\/wp-content\/uploads\/2011\/03\/snapshot_028.png 1296w\" sizes=\"auto, (max-width: 300px) 100vw, 300px\" \/><\/a><\/p>\n<p>&nbsp;<\/p>\n<p style=\"padding-left: 210px;\"><a href='http:\/\/snipr.com\/27n9hyn' class='small-button smallsilver' target=\"_blank\">Se t\u00e9l\u00e9porter vers le diaporama<\/a><\/p><\/div>\n\t\t\t\t<\/div>\n<div class='et-learn-more clearfix'>\n\t\t\t\t\t<h3 class='heading-more'>Les armatures c\u00e9ramo-c\u00e9ramiques<span class='et_learnmore_arrow'><span><\/span><\/span><\/h3>\n\t\t\t\t\t<div class='learn-more-content'><p><strong>Les armatures c\u00e9ramo-c\u00e9ramiques<\/strong><\/p>\n<p>Diaporama r\u00e9alis\u00e9 par les Drs Olivier Etienne et Charles Toledano<\/p>\n<p><a href=\"http:\/\/www.dentallife.fr\/blog\/wp-content\/uploads\/2011\/03\/snapshot_029.png\" rel=\"attachment wp-att-2100\"><img loading=\"lazy\" decoding=\"async\" class=\"aligncenter wp-image-2100 size-medium\" title=\"tout-ceramique\" src=\"http:\/\/www.dentallife.fr\/blog\/wp-content\/uploads\/2011\/03\/snapshot_029-300x232.png\" alt=\"\" width=\"300\" height=\"232\" srcset=\"http:\/\/www.dentallife.fr\/blog\/wp-content\/uploads\/2011\/03\/snapshot_029-300x232.png 300w, http:\/\/www.dentallife.fr\/blog\/wp-content\/uploads\/2011\/03\/snapshot_029-1024x792.png 1024w, http:\/\/www.dentallife.fr\/blog\/wp-content\/uploads\/2011\/03\/snapshot_029.png 1440w\" sizes=\"auto, (max-width: 300px) 100vw, 300px\" \/><\/a><\/p>\n<p>&nbsp;<\/p>\n<p style=\"padding-left: 210px;\"><a href='http:\/\/snipr.com\/27n9hyn' class='small-button smallsilver' target=\"_blank\">Se t\u00e9l\u00e9porter vers le diaporama<\/a><\/p><\/div>\n\t\t\t\t<\/div>\n<div class='et-learn-more clearfix'>\n\t\t\t\t\t<h3 class='heading-more'>Les inlays \/ onlays c\u00e9ramique<span class='et_learnmore_arrow'><span><\/span><\/span><\/h3>\n\t\t\t\t\t<div class='learn-more-content'><p><strong>Les inlays \/ onlays c\u00e9ramique<\/strong><\/p>\n<p>Diaporama r\u00e9alis\u00e9 par le Dr Romain Demangeat<\/p>\n<p><a href=\"http:\/\/www.dentallife.fr\/blog\/wp-content\/uploads\/2011\/03\/snapshot_030.png\" rel=\"attachment wp-att-2101\"><img loading=\"lazy\" decoding=\"async\" class=\"aligncenter wp-image-2101 size-medium\" title=\"demangeat\" src=\"http:\/\/www.dentallife.fr\/blog\/wp-content\/uploads\/2011\/03\/snapshot_030-300x232.png\" alt=\"\" width=\"300\" height=\"232\" srcset=\"http:\/\/www.dentallife.fr\/blog\/wp-content\/uploads\/2011\/03\/snapshot_030-300x232.png 300w, http:\/\/www.dentallife.fr\/blog\/wp-content\/uploads\/2011\/03\/snapshot_030-1024x792.png 1024w, http:\/\/www.dentallife.fr\/blog\/wp-content\/uploads\/2011\/03\/snapshot_030.png 1440w\" sizes=\"auto, (max-width: 300px) 100vw, 300px\" \/><\/a><\/p>\n<p>&nbsp;<\/p>\n<p style=\"padding-left: 210px;\"><a href='http:\/\/snipr.com\/27n9i1m' class='small-button smallsilver' target=\"_blank\">Se t\u00e9l\u00e9porter vers le diaporama<\/a><\/p><\/div>\n\t\t\t\t<\/div>\n<div class='et-learn-more clearfix'>\n\t\t\t\t\t<h3 class='heading-more'>Les affections v\u00e9siculeuses de la muqueuse buccale.<span class='et_learnmore_arrow'><span><\/span><\/span><\/h3>\n\t\t\t\t\t<div class='learn-more-content'><p><strong>Les affections v\u00e9siculeuses de la muqueuse buccale.<\/strong><\/p>\n<p>Diaporama r\u00e9alis\u00e9 par le Dr Guillaume Reys, dans le cadre de l&rsquo;enseignement initial au D2<\/p>\n<p><a href=\"http:\/\/www.dentallife.fr\/blog\/wp-content\/uploads\/2011\/03\/snapshot_032.png\" rel=\"attachment wp-att-2102\"><img loading=\"lazy\" decoding=\"async\" class=\"aligncenter wp-image-2102 size-medium\" title=\"affections-vesiculeuses\" src=\"http:\/\/www.dentallife.fr\/blog\/wp-content\/uploads\/2011\/03\/snapshot_032-300x232.png\" alt=\"\" width=\"300\" height=\"232\" srcset=\"http:\/\/www.dentallife.fr\/blog\/wp-content\/uploads\/2011\/03\/snapshot_032-300x232.png 300w, http:\/\/www.dentallife.fr\/blog\/wp-content\/uploads\/2011\/03\/snapshot_032-1024x792.png 1024w, http:\/\/www.dentallife.fr\/blog\/wp-content\/uploads\/2011\/03\/snapshot_032.png 1440w\" sizes=\"auto, (max-width: 300px) 100vw, 300px\" \/><\/a><\/p>\n<p style=\"text-align: left; padding-left: 210px;\"><a href='http:\/\/snipr.com\/27n9i4e' class='small-button smallsilver' target=\"_blank\">Se t\u00e9l\u00e9porter vers le diaporama<\/a><\/p>\n<p style=\"text-align: left;\"><\/div>\n\t\t\t\t<\/div>\n<p style=\"text-align: left;\"><div class='et-learn-more clearfix'>\n\t\t\t\t\t<h3 class='heading-more'>Les inclusions dentaires.<span class='et_learnmore_arrow'><span><\/span><\/span><\/h3>\n\t\t\t\t\t<div class='learn-more-content'><p style=\"text-align: left;\"><strong>Les inclusions dentaires.<\/strong><\/p>\n<p style=\"text-align: left;\">Diaporama r\u00e9alis\u00e9 par le Dr Guillaume Reys, dans le cadre de l&rsquo;enseignement initial au D1<\/p>\n<p style=\"text-align: left;\"><a href=\"http:\/\/www.dentallife.fr\/blog\/wp-content\/uploads\/2011\/03\/snapshot_031.png\" rel=\"attachment wp-att-2103\"><img loading=\"lazy\" decoding=\"async\" class=\"aligncenter wp-image-2103 size-medium\" title=\"inclusionsdentaires\" src=\"http:\/\/www.dentallife.fr\/blog\/wp-content\/uploads\/2011\/03\/snapshot_031-300x232.png\" alt=\"\" width=\"300\" height=\"232\" srcset=\"http:\/\/www.dentallife.fr\/blog\/wp-content\/uploads\/2011\/03\/snapshot_031-300x232.png 300w, http:\/\/www.dentallife.fr\/blog\/wp-content\/uploads\/2011\/03\/snapshot_031-1024x792.png 1024w, http:\/\/www.dentallife.fr\/blog\/wp-content\/uploads\/2011\/03\/snapshot_031.png 1440w\" sizes=\"auto, (max-width: 300px) 100vw, 300px\" \/><\/a><\/p>\n<p>&nbsp;<\/p>\n<p style=\"padding-left: 210px;\"><a href='http:\/\/snipr.com\/27n9i4e' class='small-button smallsilver' target=\"_blank\">Se t\u00e9l\u00e9porter vers le diaporama<\/a><\/p><\/div>\n\t\t\t\t<\/div><\/p>\n<p>&nbsp;<\/p>\n<p>&nbsp;<\/p>\n","protected":false},"excerpt":{"rendered":"<p>Pour visualiser les diaporamas, vous devez \u00eatre connect\u00e9 sur Ivoire, le site 3D de Dental Life. Si vous poss\u00e9dez un compte sur le site Internet de Dental Life, que vous avez cr\u00e9\u00e9 votre avatar, et que vous avez un viewer r\u00e9cent sur votre Ordinateur ( SecondLife, Phoenix, FireStorm etc\u2026) alors cliquez simplement sur le lien [&hellip;]<\/p>\n","protected":false},"author":2,"featured_media":2106,"parent":0,"menu_order":3,"comment_status":"open","ping_status":"closed","template":"","meta":{"footnotes":""},"class_list":["post-122","page","type-page","status-publish","has-post-thumbnail","hentry"],"_links":{"self":[{"href":"http:\/\/www.dentallife.fr\/blog\/index.php?rest_route=\/wp\/v2\/pages\/122","targetHints":{"allow":["GET"]}}],"collection":[{"href":"http:\/\/www.dentallife.fr\/blog\/index.php?rest_route=\/wp\/v2\/pages"}],"about":[{"href":"http:\/\/www.dentallife.fr\/blog\/index.php?rest_route=\/wp\/v2\/types\/page"}],"author":[{"embeddable":true,"href":"http:\/\/www.dentallife.fr\/blog\/index.php?rest_route=\/wp\/v2\/users\/2"}],"replies":[{"embeddable":true,"href":"http:\/\/www.dentallife.fr\/blog\/index.php?rest_route=%2Fwp%2Fv2%2Fcomments&post=122"}],"version-history":[{"count":39,"href":"http:\/\/www.dentallife.fr\/blog\/index.php?rest_route=\/wp\/v2\/pages\/122\/revisions"}],"predecessor-version":[{"id":3991,"href":"http:\/\/www.dentallife.fr\/blog\/index.php?rest_route=\/wp\/v2\/pages\/122\/revisions\/3991"}],"wp:featuredmedia":[{"embeddable":true,"href":"http:\/\/www.dentallife.fr\/blog\/index.php?rest_route=\/wp\/v2\/media\/2106"}],"wp:attachment":[{"href":"http:\/\/www.dentallife.fr\/blog\/index.php?rest_route=%2Fwp%2Fv2%2Fmedia&parent=122"}],"curies":[{"name":"wp","href":"https:\/\/api.w.org\/{rel}","templated":true}]}}